{"id":1947,"date":"2019-12-18T20:50:17","date_gmt":"2019-12-18T20:50:17","guid":{"rendered":"https:\/\/www.ismm.edu.cu\/?page_id=851"},"modified":"2022-06-02T17:49:22","modified_gmt":"2022-06-02T17:49:22","slug":"formacion","status":"publish","type":"page","link":"https:\/\/www.ismm.edu.cu\/index.php\/formacion\/","title":{"rendered":"Formacion"},"content":{"rendered":"<p>[et_pb_section fb_built=\u00bb1&#8243; custom_padding_last_edited=\u00bbon|desktop\u00bb admin_label=\u00bbHeader\u00bb _builder_version=\u00bb4.9.1&#8243; background_image=\u00bbhttps:\/\/www.ismm.edu.cu\/wp-content\/uploads\/2022\/05\/0.jpg\u00bb background_enable_video_mp4=\u00bboff\u00bb custom_padding=\u00bb10vh|0|16vh||false|false\u00bb custom_padding_tablet=\u00bb10vh||10vh||false\u00bb custom_padding_phone=\u00bb5vh||5vh||false\u00bb top_divider_style=\u00bbwave2&#8243; top_divider_color=\u00bbrgba(12,113,195,0.11)\u00bb top_divider_height=\u00bb100%\u00bb top_divider_flip=\u00bbhorizontal\u00bb bottom_divider_style=\u00bbcurve\u00bb bottom_divider_color=\u00bb#ffffff\u00bb bottom_divider_height=\u00bb3vw\u00bb bottom_divider_flip=\u00bbvertical\u00bb][et_pb_row _builder_version=\u00bb3.25&#8243; custom_margin=\u00bb|auto|48px|auto||\u00bb custom_padding=\u00bb112px|||||\u00bb][et_pb_column type=\u00bb4_4&#8243; _builder_version=\u00bb3.25&#8243; custom_padding=\u00bb|||\u00bb custom_padding__hover=\u00bb|||\u00bb][et_pb_text _builder_version=\u00bb4.0.11&#8243; text_font=\u00bb||||||||\u00bb ul_font=\u00bb||||||||\u00bb ol_font=\u00bb||||||||\u00bb header_font=\u00bb||||||||\u00bb header_text_color=\u00bb#000000&#8243; header_font_size=\u00bb67px\u00bb header_letter_spacing=\u00bb1px\u00bb header_line_height=\u00bb1.2em\u00bb header_2_font=\u00bbVollkorn||||||||\u00bb header_2_font_size=\u00bb44px\u00bb header_2_letter_spacing=\u00bb1px\u00bb header_2_line_height=\u00bb1.4em\u00bb header_3_font=\u00bb||||||||\u00bb header_4_font=\u00bb||||||||\u00bb header_5_font=\u00bb||||||||\u00bb header_6_font=\u00bb||||||||\u00bb background_layout=\u00bbdark\u00bb max_width=\u00bb800px\u00bb module_alignment=\u00bbleft\u00bb custom_margin=\u00bb-21px||20px|||\u00bb custom_padding=\u00bb0px|||||\u00bb animation_style=\u00bbslide\u00bb animation_direction=\u00bbleft\u00bb animation_intensity_slide=\u00bb2%\u00bb header_font_size_tablet=\u00bb35px\u00bb header_font_size_phone=\u00bb30px\u00bb header_font_size_last_edited=\u00bbon|desktop\u00bb header_2_font_size_tablet=\u00bb35px\u00bb header_2_font_size_phone=\u00bb30px\u00bb header_2_font_size_last_edited=\u00bbon|desktop\u00bb]<\/p>\n<h1><strong><span style=\"color: #ffffff;\">Formaci\u00f3n<\/span><\/strong><\/h1>\n<h2><\/h2>\n<p>[\/et_pb_text][\/et_pb_column][\/et_pb_row][\/et_pb_section][et_pb_section fb_built=\u00bb1&#8243; _builder_version=\u00bb4.0.11&#8243; background_image=\u00bbhttps:\/\/www.ismm.edu.cu\/wp-content\/uploads\/2020\/01\/isp-08.png\u00bb custom_margin=\u00bb||-108px|||\u00bb][et_pb_row _builder_version=\u00bb4.9.1&#8243; hover_enabled=\u00bb0&#8243; sticky_enabled=\u00bb0&#8243; title_text=\u00bbestudiantes extranjeros\u00bb background_image=\u00bbhttps:\/\/www.ismm.edu.cu\/wp-content\/uploads\/2022\/06\/estudiantes-extranjeros-scaled.jpg\u00bb custom_margin=\u00bb|auto|-6px|auto||\u00bb min_height=\u00bb502px\u00bb border_radii=\u00bbon|15px|15px|15px|15px\u00bb animation_style=\u00bbslide\u00bb][et_pb_column type=\u00bb4_4&#8243; _builder_version=\u00bb4.0.11&#8243; transform_translate=\u00bb63px|30px\u00bb][et_pb_image _builder_version=\u00bb4.9.1&#8243; width=\u00bb76%\u00bb hover_enabled=\u00bb0&#8243; sticky_enabled=\u00bb0&#8243; min_height=\u00bb0px\u00bb][\/et_pb_image][\/et_pb_column][\/et_pb_row][et_pb_row _builder_version=\u00bb4.9.1&#8243; hover_enabled=\u00bb0&#8243; animation_style=\u00bbfade\u00bb sticky_enabled=\u00bb0&#8243;][et_pb_column type=\u00bb4_4&#8243; _builder_version=\u00bb4.0.11&#8243;][et_pb_text _builder_version=\u00bb4.0.11&#8243; text_font_size=\u00bb17px\u00bb]<\/p>\n<p align=\"justify\">Se atienden las solicitudes de ingreso a la Universidad de Moa de j\u00f3venes que, desde sus pa\u00edses, se presentan a convocatorias de becas para estudiar en Cuba, as\u00ed como a los que lo hacen a t\u00edtulo personal. Se ofrece atenci\u00f3n en todo lo concerniente con la recepci\u00f3n y la coordinaci\u00f3n para detalles relacionados con su arribo a Cuba y la atenci\u00f3n integral durante su estancia en el centro. Modalidad de estudios:<\/p>\n<p align=\"justify\"><strong>Carrera completa<\/strong><\/p>\n<p align=\"justify\"><strong>Becarios:<\/strong><span>\u00a0<\/span>J\u00f3venes que son beneficiados en su pa\u00eds con una beca gratuita para cursar estudios de pregrado en nuestra Instituci\u00f3n.<\/p>\n<p align=\"justify\"><strong>Pregrado Compensado:<\/strong><span>\u00a0<\/span>J\u00f3venes que son seleccionados en su pa\u00eds para cursar estudios en nuestro Centro y son financiados por el gobierno de procedencia.<\/p>\n<p align=\"justify\"><strong>Autofinanciados:<\/strong><span>\u00a0<\/span>J\u00f3venes que solicitan directamente el ingreso a la Universidad de Moa y asumen de manera personal todos los gastos (colegiatura, hospedaje, alimentaci\u00f3n y transporte).<\/p>\n<p>&nbsp;<\/p>\n<p><strong style=\"font-size: 17px;\">Pasant\u00edas<\/strong><\/p>\n<p align=\"justify\">Al amparo de los convenios firmados entre la Universidad de Moa y una instituci\u00f3n de educaci\u00f3n superior extranjera se pueden recibir estudiantes por un per\u00edodo de 3 a 6 meses o un curso escolar; previa solicitud y aprobaci\u00f3n de las partes del programa a desarrollar.<\/p>\n<p align=\"justify\">Actualmente cursan estudios de carrera completa 111 j\u00f3venes. Desde su fundaci\u00f3n han egresado m\u00e1s de 500 profesionales de 59 pa\u00edses que comprenden: Asia, \u00c1frica, Am\u00e9rica Latina y el Caribe.<\/p>\n<p align=\"justify\">\n<p><strong>ESTUDIOS DE POSTGRADO<\/strong><\/p>\n<p>Como figuras del postgrado el centro cuenta con cursos, entrenamientos, diplomados, maestr\u00edas y doctorados.<\/p>\n<p>[\/et_pb_text][\/et_pb_column][\/et_pb_row][\/et_pb_section][et_pb_section fb_built=\u00bb1&#8243; prev_background_color=\u00bb#ffffff\u00bb next_background_color=\u00bb#ffffff\u00bb admin_label=\u00bbCall To Action\u00bb _builder_version=\u00bb4.9.1&#8243; use_background_color_gradient=\u00bbon\u00bb background_color_gradient_start=\u00bb#283d4b\u00bb background_color_gradient_end=\u00bbrgba(128,103,79,0.5)\u00bb background_color_gradient_direction=\u00bb70deg\u00bb background_color_gradient_overlays_image=\u00bbon\u00bb background_image=\u00bbhttps:\/\/www.ismm.edu.cu\/wp-content\/uploads\/2022\/02\/11.png\u00bb min_height=\u00bb497.2px\u00bb custom_margin=\u00bb-4px||-119px|||\u00bb custom_padding=\u00bb0vw||6vw||false|false\u00bb top_divider_style=\u00bbmountains2&#8243; top_divider_height=\u00bb18vw\u00bb top_divider_repeat=\u00bb0.5x\u00bb bottom_divider_style=\u00bbmountains2&#8243; bottom_divider_height=\u00bb14%\u00bb bottom_divider_repeat=\u00bb0.5x\u00bb bottom_divider_flip=\u00bbhorizontal\u00bb animation_style=\u00bbfade\u00bb locked=\u00bboff\u00bb global_module=\u00bb5192&#8243;][et_pb_row _builder_version=\u00bb4.0.11&#8243; background_color=\u00bbrgba(79,62,62,0)\u00bb background_enable_image=\u00bboff\u00bb custom_margin=\u00bb134px|auto|2px|auto|false|false\u00bb custom_padding=\u00bb232px|||||\u00bb animation_style=\u00bbzoom\u00bb animation_direction=\u00bbbottom\u00bb animation_intensity_zoom=\u00bb6%\u00bb locked=\u00bboff\u00bb][et_pb_column type=\u00bb4_4&#8243; _builder_version=\u00bb3.25&#8243; custom_padding=\u00bb|||\u00bb custom_padding__hover=\u00bb|||\u00bb][et_pb_text _builder_version=\u00bb4.0.11&#8243; text_font=\u00bb||||||||\u00bb header_font=\u00bb||||||||\u00bb header_2_font=\u00bb||||||||\u00bb header_2_text_color=\u00bb#ffffff\u00bb header_2_font_size=\u00bb36px\u00bb header_2_line_height=\u00bb1.3em\u00bb text_orientation=\u00bbcenter\u00bb background_layout=\u00bbdark\u00bb max_width=\u00bb530px\u00bb module_alignment=\u00bbcenter\u00bb min_height=\u00bb69.8px\u00bb custom_margin=\u00bb-92px|||||\u00bb custom_padding=\u00bb0px||0px|||\u00bb locked=\u00bboff\u00bb header_font_size__hover=\u00bb30px\u00bb header_font_size__hover_enabled=\u00bb30px\u00bb header_letter_spacing__hover=\u00bb0px\u00bb header_letter_spacing__hover_enabled=\u00bb0px\u00bb header_text_shadow_style__hover=\u00bbnone\u00bb header_text_shadow_style__hover_enabled=\u00bbnone\u00bb header_text_shadow_color__hover=\u00bbrgba(0,0,0,0.4)\u00bb header_text_shadow_color__hover_enabled=\u00bbrgba(0,0,0,0.4)\u00bb]<\/p>\n<h2>Cont\u00e1ctenos<\/h2>\n<p>[\/et_pb_text][et_pb_divider color=\u00bb#09e1c0&#8243; divider_weight=\u00bb4px\u00bb disabled_on=\u00bbon|on|off\u00bb _builder_version=\u00bb3.2&#8243; background_size=\u00bbinitial\u00bb background_position=\u00bbtop_left\u00bb background_repeat=\u00bbrepeat\u00bb max_width=\u00bb40px\u00bb module_alignment=\u00bbcenter\u00bb custom_margin=\u00bb||10px|\u00bb animation_style=\u00bbzoom\u00bb animation_direction=\u00bbleft\u00bb locked=\u00bboff\u00bb][\/et_pb_divider][et_pb_text _builder_version=\u00bb4.9.1&#8243; text_font=\u00bb|300|||||||\u00bb text_text_color=\u00bb#ffffff\u00bb text_font_size=\u00bb16px\u00bb text_line_height=\u00bb1.9em\u00bb text_orientation=\u00bbcenter\u00bb background_layout=\u00bbdark\u00bb max_width=\u00bb540px\u00bb module_alignment=\u00bbcenter\u00bb custom_padding=\u00bb||4px|||\u00bb locked=\u00bboff\u00bb]<\/p>\n<div class=\"textwidget\">\n<div style=\"text-align: center;\" align=\"justify\">Avenida Calixto Garc\u00eda I\u00f1iguez #15 entre\u00a0 Av. 7 de Diciembre y Calle Reynaldo Laffita Rueda, Rpto Caribe, Moa, Holgu\u00edn. cp:83330<br \/>+53 24604214<br \/>comunicacion@ismm.edu.cu<\/div>\n<\/div>\n<p>[\/et_pb_text][\/et_pb_column][\/et_pb_row][\/et_pb_section]<\/p>\n","protected":false},"excerpt":{"rendered":"<p>Formaci\u00f3n Se atienden las solicitudes de ingreso a la Universidad de Moa de j\u00f3venes que, desde sus pa\u00edses, se presentan a convocatorias de becas para estudiar en Cuba, as\u00ed como a los que lo hacen a t\u00edtulo personal. Se ofrece atenci\u00f3n en todo lo concerniente con la recepci\u00f3n y la coordinaci\u00f3n para detalles relacionados con [&hellip;]<\/p>\n","protected":false},"author":10,"featured_media":0,"parent":0,"menu_order":0,"comment_status":"closed","ping_status":"closed","template":"","meta":{"_et_pb_use_builder":"on","_et_pb_old_content":"","_et_gb_content_width":"","footnotes":""},"class_list":["post-1947","page","type-page","status-publish","hentry"],"_links":{"self":[{"href":"https:\/\/www.ismm.edu.cu\/index.php\/wp-json\/wp\/v2\/pages\/1947"}],"collection":[{"href":"https:\/\/www.ismm.edu.cu\/index.php\/wp-json\/wp\/v2\/pages"}],"about":[{"href":"https:\/\/www.ismm.edu.cu\/index.php\/wp-json\/wp\/v2\/types\/page"}],"author":[{"embeddable":true,"href":"https:\/\/www.ismm.edu.cu\/index.php\/wp-json\/wp\/v2\/users\/10"}],"replies":[{"embeddable":true,"href":"https:\/\/www.ismm.edu.cu\/index.php\/wp-json\/wp\/v2\/comments?post=1947"}],"version-history":[{"count":3,"href":"https:\/\/www.ismm.edu.cu\/index.php\/wp-json\/wp\/v2\/pages\/1947\/revisions"}],"predecessor-version":[{"id":5443,"href":"https:\/\/www.ismm.edu.cu\/index.php\/wp-json\/wp\/v2\/pages\/1947\/revisions\/5443"}],"wp:attachment":[{"href":"https:\/\/www.ismm.edu.cu\/index.php\/wp-json\/wp\/v2\/media?parent=1947"}],"curies":[{"name":"wp","href":"https:\/\/api.w.org\/{rel}","templated":true}]}}