{"id":1912,"date":"2019-12-18T20:30:02","date_gmt":"2019-12-18T20:30:02","guid":{"rendered":"https:\/\/www.ismm.edu.cu\/?page_id=798"},"modified":"2026-02-23T19:41:14","modified_gmt":"2026-02-23T19:41:14","slug":"ciencias-economicas","status":"publish","type":"page","link":"https:\/\/www.ismm.edu.cu\/index.php\/ciencias-economicas\/","title":{"rendered":"Ciencias Sociales y Econ\u00f3micas"},"content":{"rendered":"<p>[et_pb_section fb_built=\u00bb1&#8243; custom_padding_last_edited=\u00bbon|desktop\u00bb admin_label=\u00bbHeader\u00bb _builder_version=\u00bb4.16&#8243; background_image=\u00bbhttps:\/\/www.ismm.edu.cu\/wp-content\/uploads\/2023\/09\/IMG-20230907-WA0079.jpg\u00bb background_enable_video_mp4=\u00bboff\u00bb custom_padding=\u00bb10vh|0|16vh||false|false\u00bb custom_padding_tablet=\u00bb10vh||10vh||false\u00bb custom_padding_phone=\u00bb5vh||5vh||false\u00bb top_divider_style=\u00bbwave2&#8243; top_divider_color=\u00bbrgba(12,113,195,0.11)\u00bb top_divider_height=\u00bb100%\u00bb top_divider_flip=\u00bbhorizontal\u00bb bottom_divider_style=\u00bbcurve\u00bb bottom_divider_color=\u00bb#ffffff\u00bb bottom_divider_height=\u00bb3vw\u00bb bottom_divider_flip=\u00bbvertical\u00bb global_colors_info=\u00bb{}\u00bb][et_pb_row _builder_version=\u00bb4.16&#8243; min_height=\u00bb267.4px\u00bb custom_margin=\u00bb|auto|48px|auto||\u00bb custom_padding=\u00bb112px|||||\u00bb global_colors_info=\u00bb{}\u00bb][et_pb_column type=\u00bb4_4&#8243; _builder_version=\u00bb4.16&#8243; custom_padding=\u00bb|||\u00bb global_colors_info=\u00bb{}\u00bb custom_padding__hover=\u00bb|||\u00bb][et_pb_text _builder_version=\u00bb4.16&#8243; text_font=\u00bb||||||||\u00bb ul_font=\u00bb||||||||\u00bb ol_font=\u00bb||||||||\u00bb header_font=\u00bb||||||||\u00bb header_text_color=\u00bb#000000&#8243; header_font_size=\u00bb67px\u00bb header_letter_spacing=\u00bb1px\u00bb header_line_height=\u00bb1.2em\u00bb header_2_font=\u00bbVollkorn||||||||\u00bb header_2_font_size=\u00bb44px\u00bb header_2_letter_spacing=\u00bb1px\u00bb header_2_line_height=\u00bb1.4em\u00bb header_3_font=\u00bb||||||||\u00bb header_4_font=\u00bb||||||||\u00bb header_5_font=\u00bb||||||||\u00bb header_6_font=\u00bb||||||||\u00bb background_layout=\u00bbdark\u00bb max_width=\u00bb1044px\u00bb module_alignment=\u00bbleft\u00bb custom_margin=\u00bb-21px|229px|20px|||\u00bb custom_padding=\u00bb0px|2px||||\u00bb animation_style=\u00bbslide\u00bb animation_direction=\u00bbleft\u00bb animation_intensity_slide=\u00bb2%\u00bb header_font_size_tablet=\u00bb35px\u00bb header_font_size_phone=\u00bb30px\u00bb header_font_size_last_edited=\u00bbon|desktop\u00bb header_2_font_size_tablet=\u00bb35px\u00bb header_2_font_size_phone=\u00bb30px\u00bb header_2_font_size_last_edited=\u00bbon|desktop\u00bb global_colors_info=\u00bb{}\u00bb]<\/p>\n<h1><\/h1>\n<h1 class=\"entry-title td-page-title\"><span style=\"color: #ffffff;\"><strong>&nbsp;<\/strong><\/span><\/h1>\n<h2><\/h2>\n<p>[\/et_pb_text][\/et_pb_column][\/et_pb_row][\/et_pb_section][et_pb_section fb_built=\u00bb1&#8243; specialty=\u00bbon\u00bb _builder_version=\u00bb4.16&#8243; global_colors_info=\u00bb{}\u00bb][et_pb_column type=\u00bb1_2&#8243; _builder_version=\u00bb4.16&#8243; custom_padding=\u00bb|||\u00bb global_colors_info=\u00bb{}\u00bb custom_padding__hover=\u00bb|||\u00bb][et_pb_image src=\u00bbhttps:\/\/www.ismm.edu.cu\/wp-content\/uploads\/2023\/07\/y.png\u00bb title_text=\u00bby\u00bb _builder_version=\u00bb4.16&#8243; border_width_all=\u00bb7px\u00bb box_shadow_style=\u00bbpreset4&#8243; global_colors_info=\u00bb{}\u00bb][\/et_pb_image][\/et_pb_column][et_pb_column type=\u00bb1_2&#8243; specialty_columns=\u00bb2&#8243; _builder_version=\u00bb4.16&#8243; custom_padding=\u00bb|||\u00bb global_colors_info=\u00bb{}\u00bb custom_padding__hover=\u00bb|||\u00bb][et_pb_row_inner _builder_version=\u00bb4.16&#8243; global_colors_info=\u00bb{}\u00bb][et_pb_column_inner saved_specialty_column_type=\u00bb1_2&#8243; _builder_version=\u00bb4.16&#8243; global_colors_info=\u00bb{}\u00bb][et_pb_text _builder_version=\u00bb4.16&#8243; global_colors_info=\u00bb{}\u00bb]<\/p>\n<p style=\"text-align: justify;\">Para dar respuesta a uno de los programas sociales de la Revoluci\u00f3n y brindar nuevas oportunidades de acceso a la educaci\u00f3n superior en el territorio, se crea la facultad de Humanidades en el otrora ISMMM en el curso escolar 2002-2003, con el fin de formar profesionales competentes en las especialidades: Estudios Socioculturales, Contabilidad y Finanzas, Econom\u00eda, Derecho, Comunicaci\u00f3n Social, Sociolog\u00eda, Psicolog\u00eda, Ciencias de la Informaci\u00f3n e Inform\u00e1tica y atender a las sedes municipales de Mayar\u00ed, Frank Pa\u00eds, Sagua de T\u00e1namo y Moa. Con el proceso de integraci\u00f3n de las universidades la facultad cambia su nombre por el de Ciencias Econ\u00f3micas, con solo tres carreras en las modalidades curso regular diurno y curso por encuentro: Licenciatura en Contabilidad y Finanzas, Ciencias de la Informaci\u00f3n e Ingenier\u00eda Inform\u00e1tica. Cuenta con cinco departamentos docentes: Ciencias Econ\u00f3micas, Idiomas, Ciencias de la Informaci\u00f3n, Inform\u00e1tica, Direcci\u00f3n y el Centro de Estudios Pedag\u00f3gicos.<\/p>\n<p>[\/et_pb_text][\/et_pb_column_inner][\/et_pb_row_inner][et_pb_row_inner _builder_version=\u00bb4.16&#8243; global_colors_info=\u00bb{}\u00bb][et_pb_column_inner saved_specialty_column_type=\u00bb1_2&#8243; _builder_version=\u00bb4.16&#8243; global_colors_info=\u00bb{}\u00bb][et_pb_text _builder_version=\u00bb4.16&#8243; text_font_size=\u00bb35px\u00bb global_colors_info=\u00bb{}\u00bb]Carreras[\/et_pb_text][\/et_pb_column_inner][\/et_pb_row_inner][et_pb_row_inner _builder_version=\u00bb4.16&#8243; global_colors_info=\u00bb{}\u00bb][et_pb_column_inner saved_specialty_column_type=\u00bb1_2&#8243; _builder_version=\u00bb4.16&#8243; global_colors_info=\u00bb{}\u00bb][et_pb_toggle title=\u00bbIngenier\u00eda Inform\u00e1tica\u00bb _builder_version=\u00bb4.27.0&#8243; width=\u00bb100%\u00bb hover_enabled=\u00bb0&#8243; global_colors_info=\u00bb{}\u00bb sticky_enabled=\u00bb0&#8243;][\/et_pb_toggle][et_pb_toggle title=\u00bbLicenciatura en Derecho\u00bb _builder_version=\u00bb4.27.0&#8243; width=\u00bb100%\u00bb global_colors_info=\u00bb{}\u00bb][\/et_pb_toggle][et_pb_toggle title=\u00bbLicenciatura en Cultura F\u00edsica\u00bb _builder_version=\u00bb4.16&#8243; global_colors_info=\u00bb{}\u00bb][\/et_pb_toggle][et_pb_toggle title=\u00bbLicenciatura en Contabilidad y Finanzas\u00bb _builder_version=\u00bb4.16&#8243; global_colors_info=\u00bb{}\u00bb]<span>El egresado contar\u00e1 con conocimientos amplios de las t\u00e9cnicas contables para resolver problemas relacionados con los procesos contables y financieros, en correspondencia con el desarrollo cient\u00edfico actual de estas ramas del saber, de forma creativa, con independencia, aplicando las normas y principios de la \u00e9tica y la est\u00e9tica de los profesionales de la contabilidad y las finanzas con un alto sentido de responsabilidad y compromiso pol\u00edtico y social.<\/span><\/p>\n<p><span>Esta carrera se estudia en el Curso Regular Diurno y en el Curso por Encuentro<\/span>[\/et_pb_toggle][et_pb_toggle title=\u00bbLicenciatura en Ciencias de la Informaci\u00f3n\u00bb _builder_version=\u00bb4.16&#8243; global_colors_info=\u00bb{}\u00bb]<span>Profesionales capaces de identificar, adquirir, organizar y gestionar la recuperaci\u00f3n y difusi\u00f3n de la informaci\u00f3n; la formaci\u00f3n de colecciones documentales en medios tanto impresos como electr\u00f3nicos; la organizaci\u00f3n de sistemas bibliotecarios y la gesti\u00f3n de servicios para el uso de informaci\u00f3n de libros, revistas y otros medios de publicaci\u00f3n. Estudian la restauraci\u00f3n y el cuidado de archivos, escritos y dem\u00e1s objetos con valor hist\u00f3rico y cultural, utilizando tecnolog\u00eda de punta.<\/span><\/p>\n<p><span>Esta carrera se estudia en el Curso por Encuentro<\/span>[\/et_pb_toggle][et_pb_toggle title=\u00bbLicenciatura en Educaci\u00f3n Especial\u00bb _builder_version=\u00bb4.27.0&#8243; global_colors_info=\u00bb{}\u00bb][\/et_pb_toggle][et_pb_toggle title=\u00bbLicenciatura en Educaci\u00f3n Primaria\u00bb _builder_version=\u00bb4.16&#8243; global_colors_info=\u00bb{}\u00bb][\/et_pb_toggle][et_pb_toggle title=\u00bbLicenciatura en Educaci\u00f3n Preescolar\u00bb _builder_version=\u00bb4.16&#8243; global_colors_info=\u00bb{}\u00bb][\/et_pb_toggle][et_pb_toggle title=\u00bbLicenciatura en Gesti\u00f3n Sociocultural para el desarrollo\u00bb _builder_version=\u00bb4.27.0&#8243; global_colors_info=\u00bb{}\u00bb][\/et_pb_toggle][\/et_pb_column_inner][\/et_pb_row_inner][et_pb_row_inner _builder_version=\u00bb4.16&#8243; global_colors_info=\u00bb{}\u00bb][et_pb_column_inner saved_specialty_column_type=\u00bb1_2&#8243; _builder_version=\u00bb4.16&#8243; global_colors_info=\u00bb{}\u00bb][et_pb_toggle title=\u00bbT\u00e9cnico Superior en Log\u00edstica\u00bb _builder_version=\u00bb4.27.0&#8243; global_colors_info=\u00bb{}\u00bb]<\/p>\n<p><span>El egresado contar\u00e1 con conocimientos amplios de las t\u00e9cnicas contables para resolver problemas relacionados con los procesos contables y financieros, en correspondencia con el desarrollo cient\u00edfico actual de estas ramas del saber, de forma creativa, con independencia, aplicando las normas y principios de la \u00e9tica y la est\u00e9tica de los profesionales de la contabilidad y las finanzas con un alto sentido de responsabilidad y compromiso pol\u00edtico y social.<\/span><\/p>\n<p><span>Esta carrera se estudia en el Curso Regular Diurno y en el Curso por Encuentro<\/span><\/p>\n<p>[\/et_pb_toggle][et_pb_toggle title=\u00bbT\u00e9cnico Superior en Administraci\u00f3n de Redes y Seguridad Inform\u00e1tica\u00bb _builder_version=\u00bb4.27.0&#8243; global_colors_info=\u00bb{}\u00bb]<\/p>\n<p><span>Profesionales capaces de identificar, adquirir, organizar y gestionar la recuperaci\u00f3n y difusi\u00f3n de la informaci\u00f3n; la formaci\u00f3n de colecciones documentales en medios tanto impresos como electr\u00f3nicos; la organizaci\u00f3n de sistemas bibliotecarios y la gesti\u00f3n de servicios para el uso de informaci\u00f3n de libros, revistas y otros medios de publicaci\u00f3n. Estudian la restauraci\u00f3n y el cuidado de archivos, escritos y dem\u00e1s objetos con valor hist\u00f3rico y cultural, utilizando tecnolog\u00eda de punta.<\/span><\/p>\n<p><span>Esta carrera se estudia en el Curso por Encuentro<\/span><\/p>\n<p>[\/et_pb_toggle][\/et_pb_column_inner][\/et_pb_row_inner][\/et_pb_column][\/et_pb_section][et_pb_section fb_built=\u00bb1&#8243; _builder_version=\u00bb4.16&#8243; global_colors_info=\u00bb{}\u00bb][et_pb_row column_structure=\u00bb1_2,1_2&#8243; _builder_version=\u00bb4.16&#8243; global_colors_info=\u00bb{}\u00bb][et_pb_column type=\u00bb1_2&#8243; _builder_version=\u00bb4.16&#8243; global_colors_info=\u00bb{}\u00bb][et_pb_text _builder_version=\u00bb4.27.0&#8243; global_colors_info=\u00bb{}\u00bb]<\/p>\n<p><strong>DEPARTAMENTOS<\/strong><\/p>\n<ul>\n<li><strong>Idiomas<\/strong>: J. Dpto. Dr. C. Aliuska Hinojosa Cala<\/li>\n<li><strong>Direcci\u00f3n<\/strong>: J. Dpto. M. Sc. Yuliet Garc\u00eda Bruz\u00f3n<span style=\"font-family: 'Arial','sans-serif'; text-transform: none; font-weight: normal;\"><\/span><\/li>\n<li><strong>Cultura F\u00edsica:<\/strong> J. Dpto. M. Sc. Ram\u00f3n Lores G\u00e1mez<\/li>\n<li><strong>Ciencias de la Informaci\u00f3n<\/strong>: J Dpto. M. Sc. Mariolis Rodr\u00edguez Cabrera<span style=\"font-family: 'Arial','sans-serif'; text-transform: none; font-weight: normal;\"><\/span><\/li>\n<li><strong>Inform\u00e1tica: <\/strong>J. Dpto. Dr. C. Jos\u00e9 Luis Montero <span style=\"font-family: 'Arial','sans-serif'; font-weight: normal;\">O&#8217;<\/span><span style=\"font-family: 'Arial','sans-serif'; text-transform: none; font-weight: normal;\">farrill<\/span><\/li>\n<li><strong>Ciencias de la Educaci\u00f3n:<\/strong> J. Dpto. M. Sc. Idalmis Ortiz s\u00e1nchez<\/li>\n<li><strong>Contabilidad y Finanzas<\/strong>: J. Dpto. Yuneysy Bell Batista<\/li>\n<li><strong>Desarrollo Local:<\/strong> J. Dpto. Especialista. Yusmey Milagros Lias Pupo<\/li>\n<\/ul>\n<p>[\/et_pb_text][\/et_pb_column][et_pb_column type=\u00bb1_2&#8243; _builder_version=\u00bb4.16&#8243; global_colors_info=\u00bb{}\u00bb][et_pb_text _builder_version=\u00bb4.27.0&#8243; global_colors_info=\u00bb{}\u00bb]<\/p>\n<p><strong>INFORMACI\u00d3N DE CONTACTO<\/strong><\/p>\n<p><strong>Decana<\/strong>: Dr. C. Mirtha O. Oliveros Herrera<\/p>\n<p><strong>T\u00e9lefono<\/strong>: +53 (24) 604014<\/p>\n<p>[\/et_pb_text][\/et_pb_column][\/et_pb_row][\/et_pb_section][et_pb_section fb_built=\u00bb1&#8243; prev_background_color=\u00bb#ffffff\u00bb next_background_color=\u00bb#ffffff\u00bb admin_label=\u00bbCall To Action\u00bb _builder_version=\u00bb4.16&#8243; use_background_color_gradient=\u00bbon\u00bb background_color_gradient_direction=\u00bb70deg\u00bb background_color_gradient_stops=\u00bb#283d4b 0%|rgba(128,103,79,0.5) 100%\u00bb background_color_gradient_overlays_image=\u00bbon\u00bb background_color_gradient_start=\u00bb#283d4b\u00bb background_color_gradient_end=\u00bbrgba(128,103,79,0.5)\u00bb background_image=\u00bbhttps:\/\/www.ismm.edu.cu\/wp-content\/uploads\/2022\/02\/11.png\u00bb min_height=\u00bb497.2px\u00bb custom_margin=\u00bb-4px||-119px|||\u00bb custom_padding=\u00bb0vw||6vw||false|false\u00bb top_divider_style=\u00bbmountains2&#8243; top_divider_height=\u00bb18vw\u00bb top_divider_repeat=\u00bb0.5x\u00bb bottom_divider_style=\u00bbmountains2&#8243; bottom_divider_height=\u00bb14%\u00bb bottom_divider_repeat=\u00bb0.5x\u00bb bottom_divider_flip=\u00bbhorizontal\u00bb animation_style=\u00bbfade\u00bb background_color_gradient_stops_tablet=\u00bb#283d4b 0%|rgba(128,103,79,0.5) 100%\u00bb background_color_gradient_stops_phone=\u00bb#283d4b 0%|rgba(128,103,79,0.5) 100%\u00bb global_module=\u00bb5192&#8243; locked=\u00bboff\u00bb global_colors_info=\u00bb{}\u00bb][\/et_pb_section]<\/p>\n","protected":false},"excerpt":{"rendered":"<p>&nbsp; Para dar respuesta a uno de los programas sociales de la Revoluci\u00f3n y brindar nuevas oportunidades de acceso a la educaci\u00f3n superior en el territorio, se crea la facultad de Humanidades en el otrora ISMMM en el curso escolar 2002-2003, con el fin de formar profesionales competentes en las especialidades: Estudios Socioculturales, Contabilidad y [&hellip;]<\/p>\n","protected":false},"author":10,"featured_media":0,"parent":0,"menu_order":0,"comment_status":"closed","ping_status":"closed","template":"","meta":{"_et_pb_use_builder":"on","_et_pb_old_content":"","_et_gb_content_width":"","footnotes":""},"class_list":["post-1912","page","type-page","status-publish","hentry"],"_links":{"self":[{"href":"https:\/\/www.ismm.edu.cu\/index.php\/wp-json\/wp\/v2\/pages\/1912"}],"collection":[{"href":"https:\/\/www.ismm.edu.cu\/index.php\/wp-json\/wp\/v2\/pages"}],"about":[{"href":"https:\/\/www.ismm.edu.cu\/index.php\/wp-json\/wp\/v2\/types\/page"}],"author":[{"embeddable":true,"href":"https:\/\/www.ismm.edu.cu\/index.php\/wp-json\/wp\/v2\/users\/10"}],"replies":[{"embeddable":true,"href":"https:\/\/www.ismm.edu.cu\/index.php\/wp-json\/wp\/v2\/comments?post=1912"}],"version-history":[{"count":32,"href":"https:\/\/www.ismm.edu.cu\/index.php\/wp-json\/wp\/v2\/pages\/1912\/revisions"}],"predecessor-version":[{"id":9090,"href":"https:\/\/www.ismm.edu.cu\/index.php\/wp-json\/wp\/v2\/pages\/1912\/revisions\/9090"}],"wp:attachment":[{"href":"https:\/\/www.ismm.edu.cu\/index.php\/wp-json\/wp\/v2\/media?parent=1912"}],"curies":[{"name":"wp","href":"https:\/\/api.w.org\/{rel}","templated":true}]}}